{"id":203,"date":"2021-07-02T07:08:27","date_gmt":"2021-07-02T07:08:27","guid":{"rendered":"http:\/\/www.tunnevirtaamo.fi\/?page_id=203"},"modified":"2021-08-04T12:23:02","modified_gmt":"2021-08-04T12:23:02","slug":"tunnevyohyketerapia","status":"publish","type":"page","link":"https:\/\/www.tunnevirtaamo.fi\/index.php\/tunnevyohyketerapia\/","title":{"rendered":"Tunnevy\u00f6hyketerapia"},"content":{"rendered":"\n\n\t\t\t\t<img loading=\"lazy\" src=\"http:\/\/www.tunnevirtaamo.fi\/wp-content\/uploads\/2021\/07\/Etusivu_Jenni-Santava-1024x1024.jpg\" alt=\"Etusivu_Jenni Santava\" itemprop=\"image\" height=\"900\" width=\"900\" title=\"Etusivu_Jenni Santava\" onerror=\"this.style.display='none'\"  \/>\n\t\t\t\t<img loading=\"lazy\" src=\"http:\/\/www.tunnevirtaamo.fi\/wp-content\/uploads\/2021\/07\/Tunnevyohyketerapia-1.png\" alt=\"Tunnevy\u00f6hyketerapia\" itemprop=\"image\" height=\"400\" width=\"1482\" title=\"Tunnevy\u00f6hyketerapia\" onerror=\"this.style.display='none'\"  \/>\n\t<p>Hoitoon varaan aikaa 2h. Alkuun kuuluu aina pieni el\u00e4m\u00e4nkaarihaastattelu, jolla valmistellaan kehoa ja mielt\u00e4 hoitoon.<\/p>\n<p>Hoidossa min\u00e4 autan sinua l\u00f6yt\u00e4m\u00e4\u00e4n kehostasi aitoja tukahdutettuja tunteita. Pelko, viha, syyllisyys ja h\u00e4pe\u00e4. Oivaltamaan t\u00e4m\u00e4n hetkist\u00e4 ja usein my\u00f6s menneisyydess\u00e4 olevaa asiaa, joka est\u00e4\u00e4 sinua toimimasta ja toteuttamasta itse\u00e4si. L\u00f6yt\u00e4m\u00e4\u00e4n yhteytt\u00e4 kehoon, jossa tunteet ovat. Irti suvun traumoista el\u00e4m\u00e4\u00e4n ja tuntemaan vapaasti omanlaista el\u00e4m\u00e4\u00e4.<\/p>\n<p>Hoito on hell\u00e4\u00e4 polaarista painantaa ja vy\u00f6hykerata hierontaa. Erilaisiin kiputiloihin, ahdistuksiin, j\u00e4nnityksiin, \u00e4rsytyksiin, liialliseen kiltteyteen ja moneen muuhun. Oletko valmis kohtaamaan tunteesi? Uskalluksen j\u00e4lkeen asiat alkavatkin muuttua&#8230;<\/p>\n<p>Peruutus sairaustapauksessa: Peruutus vuorokautta ennen, muussa tapauksessa varauksen hinta maksetaan kokonaisuudessaan.<\/p>\n\t<h3>Esteit\u00e4 tunnevy\u00f6hyketerapialle<\/h3>\n<ul>\n<li>Vahvat psyykel\u00e4\u00e4kkeet<\/li>\n<li>Sy\u00f6p\u00e4hoidot<\/li>\n<li>Raskauden kolme ensimm\u00e4ist\u00e4 kuukautta<\/li>\n<li>Kehon tulehdustila<\/li>\n<\/ul>\n<p>Muut sairaudet ja l\u00e4\u00e4kitykset hyv\u00e4 ilmoittaa jo varausvaiheessa.<\/p>\n\t\t\t\t<img loading=\"lazy\" src=\"http:\/\/www.tunnevirtaamo.fi\/wp-content\/uploads\/2021\/07\/Hoitohuone2.png\" alt=\"Hoitohuone2\" itemprop=\"image\" height=\"1080\" width=\"1617\" title=\"Hoitohuone2\" onerror=\"this.style.display='none'\"  \/>\n\t\t\t\t<img loading=\"lazy\" src=\"http:\/\/www.tunnevirtaamo.fi\/wp-content\/uploads\/2021\/07\/Hoitohuone4.png\" alt=\"Hoitohuone4\" itemprop=\"image\" height=\"1080\" width=\"1618\" title=\"Hoitohuone4\" onerror=\"this.style.display='none'\"  \/>\n\t\t\t<a href=\"https:\/\/vello.fi\/tunnevirtaamo\/\" target=\"_self\" role=\"button\" rel=\"noopener\">\n\t\t\t\t\t\t\tVARAA AIKA\n\t\t\t<\/a>\n\t\t\t\t<img loading=\"lazy\" src=\"http:\/\/www.tunnevirtaamo.fi\/wp-content\/uploads\/2021\/07\/Asiakaspalautteet_F-300x92.png\" alt=\"Asiakaspalautteet_F\" itemprop=\"image\" height=\"92\" width=\"300\" title=\"Asiakaspalautteet_F\" onerror=\"this.style.display='none'\"  \/>\n\t<p>&#8221;Moi Jenni! Haluan sanoa ett\u00e4 huomaan nyt, ett\u00e4 k\u00e4ynti luonasi osaltaan kyll\u00e4 selvitti er\u00e4st\u00e4 suurempaa asiaa el\u00e4m\u00e4ss\u00e4ni, pelkoa jopa joka hallitsi el\u00e4m\u00e4\u00e4ni ja kehittymist\u00e4ni, varsinkin aktivoituessaan tietyss\u00e4 tilanteessa ja el\u00e4m\u00e4nvaiheessa. K\u00e4ynti ei sin\u00e4ns\u00e4 k\u00e4ynnist\u00e4nyt omaa prosessiani asian k\u00e4sittelyss\u00e4 mutta oli t\u00e4rke\u00e4 lenkki sen etenemisess\u00e4.<\/p>\n<p>Nyt koen ett\u00e4 olen pystynyt ratkaisemaan mist\u00e4 pelossa on ollut kyse ja n\u00e4en yhteyden sukupolven ketjussa<\/p>\n<p>Joten haluan sana sinulle kiitos ett\u00e4 teet ty\u00f6t\u00e4si, osasit tehd\u00e4 kannaltani olennaisia huomiota ja autoit minua (ja siten my\u00f6s omina lapsiani) eteenp\u00e4in el\u00e4m\u00e4ss\u00e4ni.&#8221;<\/p>\n\t<p>&#8221;Hermos\u00e4rkyni helpottivat huomattavasti, jo ensimm\u00e4isen hoidon j\u00e4lkeen&#8221;<\/p>\n\t<p>&#8221;Tunnevy\u00f6hyketerapia Jennin kanssa auttoi minua l\u00f6yt\u00e4m\u00e4\u00e4n oikeat ratkaisut el\u00e4m\u00e4n k\u00e4\u00e4nnekohdassa &#8211; muutamalla kerralla oli iso merkitys, ja suosittelen l\u00e4mm\u00f6ll\u00e4 kokeilemaan! &#8221;<\/p>\n\t<p>&#8221;Menin vy\u00f6hyketerapiaan kokeilunhalusta.<\/p>\n<p>Sill\u00e4 olikin odottamattomat vaikutukset, kun sukupolvien takaiset traumat alkoivat purkautua.<\/p>\n<p>N\u00e4iden asioiden tiedostaminen ja kehosta ulos saanti on antanut tilaa uusille asioille mitk\u00e4 ovat nostaneet el\u00e4m\u00e4ni aivan uusille tasoille.&#8221;<\/p>\n\t<p>&#8221;Tunsin kuinka selk\u00e4ni haluaa suoristua ja jokin meni paikalleen&#8221;<\/p>\n\t<p>&#8221;Tunnesy\u00f6miseni loppui&#8221;<\/p>\n\n","protected":false},"excerpt":{"rendered":"<p>Hoitoon varaan aikaa 2h. Alkuun kuuluu aina pieni el\u00e4m\u00e4nkaarihaastattelu, jolla valmistellaan kehoa ja mielt\u00e4 hoitoon. Hoidossa min\u00e4 autan sinua l\u00f6yt\u00e4m\u00e4\u00e4n kehostasi aitoja tukahdutettuja tunteita. Pelko, viha, syyllisyys ja h\u00e4pe\u00e4. Oivaltamaan t\u00e4m\u00e4n hetkist\u00e4 ja usein my\u00f6s menneisyydess\u00e4 olevaa asiaa, joka est\u00e4\u00e4 sinua toimimasta ja toteuttamasta itse\u00e4si. L\u00f6yt\u00e4m\u00e4\u00e4n yhteytt\u00e4 kehoon, jossa tunteet ovat. Irti suvun traumoista el\u00e4m\u00e4\u00e4n<span class=\"dots\"> &hellip; <\/span><span class=\"link-more\"><a href=\"https:\/\/www.tunnevirtaamo.fi\/index.php\/tunnevyohyketerapia\/\" class=\"more-link\">Read more <span class=\"screen-reader-text\">&#8221;Tunnevy\u00f6hyketerapia&#8221;<\/span><\/a><\/span><\/p>\n","protected":false},"author":1,"featured_media":0,"parent":0,"menu_order":0,"comment_status":"closed","ping_status":"closed","template":"","meta":{"_mi_skip_tracking":false},"_links":{"self":[{"href":"https:\/\/www.tunnevirtaamo.fi\/index.php\/wp-json\/wp\/v2\/pages\/203"}],"collection":[{"href":"https:\/\/www.tunnevirtaamo.fi\/index.php\/wp-json\/wp\/v2\/pages"}],"about":[{"href":"https:\/\/www.tunnevirtaamo.fi\/index.php\/wp-json\/wp\/v2\/types\/page"}],"author":[{"embeddable":true,"href":"https:\/\/www.tunnevirtaamo.fi\/index.php\/wp-json\/wp\/v2\/users\/1"}],"replies":[{"embeddable":true,"href":"https:\/\/www.tunnevirtaamo.fi\/index.php\/wp-json\/wp\/v2\/comments?post=203"}],"version-history":[{"count":41,"href":"https:\/\/www.tunnevirtaamo.fi\/index.php\/wp-json\/wp\/v2\/pages\/203\/revisions"}],"predecessor-version":[{"id":687,"href":"https:\/\/www.tunnevirtaamo.fi\/index.php\/wp-json\/wp\/v2\/pages\/203\/revisions\/687"}],"wp:attachment":[{"href":"https:\/\/www.tunnevirtaamo.fi\/index.php\/wp-json\/wp\/v2\/media?parent=203"}],"curies":[{"name":"wp","href":"https:\/\/api.w.org\/{rel}","templated":true}]}}