{"id":20,"date":"2021-06-21T14:21:43","date_gmt":"2021-06-21T14:21:43","guid":{"rendered":"http:\/\/www.tunnevirtaamo.fi\/?page_id=20"},"modified":"2024-12-09T06:23:34","modified_gmt":"2024-12-09T06:23:34","slug":"kuka-olen","status":"publish","type":"page","link":"https:\/\/www.tunnevirtaamo.fi\/index.php\/kuka-olen\/","title":{"rendered":"Kuka olen"},"content":{"rendered":"\n\n\t\t\t\t<img src=\"http:\/\/www.tunnevirtaamo.fi\/wp-content\/uploads\/2021\/06\/Jenni-ja-lapset-scaled.jpg\" alt=\"Jenni ja lapset\" itemprop=\"image\" title=\"Jenni ja lapset\" onerror=\"this.style.display='none'\"  \/>\n\t\t\t\t<img src=\"http:\/\/www.tunnevirtaamo.fi\/wp-content\/uploads\/2021\/07\/Kuka-olen-300x139.png\" alt=\"Kuka olen\" itemprop=\"image\" title=\"Kuka olen\" onerror=\"this.style.display='none'\"  \/>\n\t<p>Vy\u00f6hyketerapiassa k\u00e4vin satunnaisesti ja vain kerran n\u00e4in &#8221;n\u00e4yn&#8221;, joka oli kuin valveuni siit\u00e4 mik\u00e4 oli aukeamassa sis\u00e4lt\u00e4ni. Vuosien p\u00e4\u00e4st\u00e4 saatuani toisen lapsen, laukaisi se todenn\u00e4k\u00f6isesti jotain kehossani. Aloin saada ep\u00e4miellytt\u00e4vi\u00e4 tuntemuksia mieless\u00e4ni. My\u00f6hemmin muistin tapahtuman, joka oli minulle tapahtunut ollessani vasta hyvin pieni lapsi. Muisto tuli kuin filmilt\u00e4 mieleeni. Mielen sopukoista, jonka oli pieni lapsi halunnut unohtaa.<\/p>\n<p>Siin\u00e4 kohtaa sai koko el\u00e4m\u00e4ni k\u00e4\u00e4nnekohdan. Ymm\u00e4rsin, ett\u00e4 totuus l\u00f6ytyisi vain minusta. Keho voi k\u00e4tke\u00e4 todella paljon t\u00e4rke\u00e4\u00e4 tietoa, ei vain minulle, mutta my\u00f6s seuraaville sukupolville. \u00c4itini oli ty\u00f6st\u00e4nyt jo paljon, mutta nyt olisi minun vuoroni ty\u00f6st\u00e4\u00e4 my\u00f6s asioita, joita h\u00e4n ei pystynyt. Aloin hoitamaan kehoani enemm\u00e4n. Aluksi psykologisella vy\u00f6hyketerapialla (PVT, tunnevy\u00f6hyketerapian aikaisempi koulutusversio), ja my\u00f6hemmin tunnevy\u00f6hyke terapialla (TVT).<\/p>\n<p>T\u00e4m\u00e4 vei minut lopulta opiskelemaan itse TVT terapeutiksi Kaironin 3-vuotiseen koulutukseen. T\u00e4m\u00e4n j\u00e4lkeen valmistuin taidemaalariksi Alfa-artista. Unelmat ja suunnitelmat ohjaavat nyt minua minun n\u00e4k\u00f6iseeni el\u00e4m\u00e4\u00e4n ja kaikki ihanan kauheat tunteet oppaanani. Hoidan itse\u00e4ni s\u00e4\u00e4nn\u00f6llisesti, jotta voin hoitaa muita. Toivon pystyv\u00e4ni luomaan asiakkaitteni kanssa hyv\u00e4n luottamuksen ja hoitosuhteen heid\u00e4n omalla polullansa.<\/p>\n<p>Kaikista suurin tunteista on kuitenkin rakkaus.<\/p>\n\t\t\t\t<img src=\"http:\/\/www.tunnevirtaamo.fi\/wp-content\/uploads\/2021\/07\/Jenni-Santava-allekirjoitus-300x88.png\" alt=\"Jenni Santava allekirjoitus\" itemprop=\"image\" title=\"Jenni Santava allekirjoitus\" onerror=\"this.style.display='none'\"  \/>\n\n","protected":false},"excerpt":{"rendered":"<p>Vy\u00f6hyketerapiassa k\u00e4vin satunnaisesti ja vain kerran n\u00e4in &#8221;n\u00e4yn&#8221;, joka oli kuin valveuni siit\u00e4 mik\u00e4 oli aukeamassa sis\u00e4lt\u00e4ni. Vuosien p\u00e4\u00e4st\u00e4 saatuani toisen lapsen, laukaisi se todenn\u00e4k\u00f6isesti jotain kehossani. Aloin saada ep\u00e4miellytt\u00e4vi\u00e4 tuntemuksia mieless\u00e4ni. My\u00f6hemmin muistin tapahtuman, joka oli minulle tapahtunut ollessani vasta hyvin pieni lapsi. Muisto tuli kuin filmilt\u00e4 mieleeni. Mielen sopukoista, jonka oli pieni lapsi<span class=\"dots\"> &hellip; <\/span><span class=\"link-more\"><a href=\"https:\/\/www.tunnevirtaamo.fi\/index.php\/kuka-olen\/\" class=\"more-link\">Read more <span class=\"screen-reader-text\">&#8221;Kuka olen&#8221;<\/span><\/a><\/span><\/p>\n","protected":false},"author":1,"featured_media":0,"parent":0,"menu_order":0,"comment_status":"closed","ping_status":"closed","template":"","meta":{"_mi_skip_tracking":false},"_links":{"self":[{"href":"https:\/\/www.tunnevirtaamo.fi\/index.php\/wp-json\/wp\/v2\/pages\/20"}],"collection":[{"href":"https:\/\/www.tunnevirtaamo.fi\/index.php\/wp-json\/wp\/v2\/pages"}],"about":[{"href":"https:\/\/www.tunnevirtaamo.fi\/index.php\/wp-json\/wp\/v2\/types\/page"}],"author":[{"embeddable":true,"href":"https:\/\/www.tunnevirtaamo.fi\/index.php\/wp-json\/wp\/v2\/users\/1"}],"replies":[{"embeddable":true,"href":"https:\/\/www.tunnevirtaamo.fi\/index.php\/wp-json\/wp\/v2\/comments?post=20"}],"version-history":[{"count":18,"href":"https:\/\/www.tunnevirtaamo.fi\/index.php\/wp-json\/wp\/v2\/pages\/20\/revisions"}],"predecessor-version":[{"id":824,"href":"https:\/\/www.tunnevirtaamo.fi\/index.php\/wp-json\/wp\/v2\/pages\/20\/revisions\/824"}],"wp:attachment":[{"href":"https:\/\/www.tunnevirtaamo.fi\/index.php\/wp-json\/wp\/v2\/media?parent=20"}],"curies":[{"name":"wp","href":"https:\/\/api.w.org\/{rel}","templated":true}]}}